{"id":623796,"date":"2024-09-09T13:33:22","date_gmt":"2024-09-09T13:33:22","guid":{"rendered":"https:\/\/bocamspain.com\/property\/exquisito-atico-de-un-dormitorio-en-venta-en-el-corazon-de-ibiza\/"},"modified":"2024-10-17T17:21:30","modified_gmt":"2024-10-17T17:21:30","slug":"exquisito-atico-de-un-dormitorio-en-venta-en-el-corazon-de-ibiza","status":"publish","type":"properties","link":"https:\/\/bocamspain.com\/es\/property\/exquisito-atico-de-un-dormitorio-en-venta-en-el-corazon-de-ibiza\/","title":{"rendered":"Exquisito \u00e1tico de un dormitorio en venta en el coraz\u00f3n de Ibiza"},"content":{"rendered":"\n<h3 class=\"wp-block-heading\">Elegancia moderna con vistas panor\u00e1micas del puerto deportivo y Dalt Vila<\/h3>\n\n<p>Descubra un <strong>\u00e1tico de un dormitorio<\/strong> que redefine la vida urbana en el coraz\u00f3n de la <strong>ciudad de Ibiza<\/strong>. Recientemente <strong>renovado con un gusto exquisito<\/strong> y una meticulosa atenci\u00f3n al detalle, esta elegante propiedad ofrece una combinaci\u00f3n excepcional de <strong>calidad, comodidad y ubicaci\u00f3n<\/strong> para aquellos que buscan un estilo de vida privilegiado en la isla. Situado a pocos pasos de la vibrante vida de Ibiza, este \u00e1tico captura la esencia de la vida urbana con un toque de lujo. Tambi\u00e9n existe la opci\u00f3n de adquirir una <strong>plaza de aparcamiento<\/strong> en el mismo edificio, un valioso a\u00f1adido que aumenta la comodidad (tenga en cuenta que esta opci\u00f3n no est\u00e1 incluida en el precio de venta).   <\/p>\n\n<h3 class=\"wp-block-heading\">Dise\u00f1ado cuidadosamente para maximizar el espacio y la comodidad<\/h3>\n\n<p>Al entrar, le recibe un <strong>amplio sal\u00f3n-comedor<\/strong>, donde una acogedora <strong>chimenea <\/strong>crea un ambiente c\u00e1lido y acogedor. La <strong>cocina integrada, totalmente equipada<\/strong>, se integra a la perfecci\u00f3n en el espacio, perfecto tanto para cocinar como para recibir invitados. Desde aqu\u00ed, grandes puertas acristaladas conducen a una <strong>terraza de 14 m\u00b2<\/strong> con impresionantes <strong>vistas panor\u00e1micas<\/strong> del puerto deportivo y del emblem\u00e1tico <strong>Dalt Vila<\/strong>, el casco antiguo de Ibiza.  <\/p>\n\n<ul class=\"wp-block-list\">\n<li><strong>Dormitorio principal con vestidor y ba\u00f1o privado<\/strong>: El dormitorio principal sirve como un refugio sereno, con un <strong>gran vestidor<\/strong> y un <strong>ba\u00f1o completo<\/strong>. Este tranquilo espacio es ideal para relajarse despu\u00e9s de un d\u00eda explorando las vibrantes calles de Ibiza o disfrutando de la famosa vida nocturna de la isla. <\/li>\n\n\n\n<li><strong>Amplias soluciones de almacenamiento<\/strong>: El apartamento tambi\u00e9n se beneficia de <strong>abundante espacio de almacenamiento<\/strong> y m\u00faltiples armarios empotrados, ofreciendo soluciones pr\u00e1cticas y funcionales para mantener sus pertenencias organizadas y mantener un ambiente libre de desorden.<\/li>\n<\/ul>\n\n<h3 class=\"wp-block-heading\">Una oportunidad \u00fanica para vivir cosmopolita<\/h3>\n\n<p>Este \u00e1tico representa una <strong>oportunidad \u00fanica<\/strong> para disfrutar del estilo de vida cosmopolita de Ibiza en un entorno verdaderamente privilegiado. Con su <strong>dise\u00f1o moderno,<\/strong> <strong>acabados de alta calidad<\/strong> y <strong>ubicaci\u00f3n privilegiada<\/strong>, es la elecci\u00f3n perfecta para aquellos que buscan sumergirse en el ritmo din\u00e1mico de la ciudad de Ibiza mientras disfrutan de un santuario tranquilo al que llamar hogar. <\/p>\n\n<h3 class=\"wp-block-heading\">Opci\u00f3n adicional de aparcamiento vigilado<\/h3>\n\n<p>Para mayor comodidad, existe la <strong>posibilidad de adquirir una plaza de aparcamiento<\/strong> dentro del mismo edificio. Esta opci\u00f3n es muy valiosa en la ciudad de Ibiza, donde el aparcamiento seguro es un bien codiciado. Sin embargo, tenga en cuenta que la plaza de aparcamiento no est\u00e1 incluida en el precio de venta.  <\/p>\n\n<h3 class=\"wp-block-heading\">Listo para entrar a vivir<\/h3>\n\n<p>Listo para entrar a vivir, este \u00e1tico es ideal para aquellos que buscan comenzar inmediatamente a vivir el <strong>estilo de vida de Ibiza<\/strong>. Su refinada renovaci\u00f3n y los detalles cuidadosamente seleccionados significan que no hay nada m\u00e1s que hacer excepto instalarse y disfrutar de su nuevo hogar. <\/p>\n","protected":false},"excerpt":{"rendered":"Elegancia moderna con vistas panor\u00e1micas del puerto deportivo y Dalt...","protected":false},"author":4,"featured_media":621253,"template":"","es_locations":[],"es_categories":[],"es_types":[809],"es_rent_periods":[],"es_labels":[],"es_statuses":[],"es_parkings":[],"es_roofs":[],"es_exterior_materials":[],"es_basements":[],"es_floor_coverings":[],"es_features":[821,817],"es_amenities":[827,843,888],"es_neighborhoods":[],"es_tags":[],"class_list":["post-623796","properties","type-properties","status-publish","has-post-thumbnail","hentry","es_type-penthouse-es","es_feature-built-in-closets-es","es_feature-second-hand-good-condition-es","es_amenity-air-conditioning-es","es_amenity-terraza","es_amenity-zonas-verdes","es-post-entity"],"acf":[],"aioseo_notices":[],"_links":{"self":[{"href":"https:\/\/bocamspain.com\/es\/wp-json\/wp\/v2\/properties\/623796","targetHints":{"allow":["GET"]}}],"collection":[{"href":"https:\/\/bocamspain.com\/es\/wp-json\/wp\/v2\/properties"}],"about":[{"href":"https:\/\/bocamspain.com\/es\/wp-json\/wp\/v2\/types\/properties"}],"author":[{"embeddable":true,"href":"https:\/\/bocamspain.com\/es\/wp-json\/wp\/v2\/users\/4"}],"version-history":[{"count":3,"href":"https:\/\/bocamspain.com\/es\/wp-json\/wp\/v2\/properties\/623796\/revisions"}],"predecessor-version":[{"id":623799,"href":"https:\/\/bocamspain.com\/es\/wp-json\/wp\/v2\/properties\/623796\/revisions\/623799"}],"wp:featuredmedia":[{"embeddable":true,"href":"https:\/\/bocamspain.com\/es\/wp-json\/wp\/v2\/media\/621253"}],"wp:attachment":[{"href":"https:\/\/bocamspain.com\/es\/wp-json\/wp\/v2\/media?parent=623796"}],"wp:term":[{"taxonomy":"es_location","embeddable":true,"href":"https:\/\/bocamspain.com\/es\/wp-json\/wp\/v2\/es_locations?post=623796"},{"taxonomy":"es_category","embeddable":true,"href":"https:\/\/bocamspain.com\/es\/wp-json\/wp\/v2\/es_categories?post=623796"},{"taxonomy":"es_type","embeddable":true,"href":"https:\/\/bocamspain.com\/es\/wp-json\/wp\/v2\/es_types?post=623796"},{"taxonomy":"es_rent_period","embeddable":true,"href":"https:\/\/bocamspain.com\/es\/wp-json\/wp\/v2\/es_rent_periods?post=623796"},{"taxonomy":"es_label","embeddable":true,"href":"https:\/\/bocamspain.com\/es\/wp-json\/wp\/v2\/es_labels?post=623796"},{"taxonomy":"es_status","embeddable":true,"href":"https:\/\/bocamspain.com\/es\/wp-json\/wp\/v2\/es_statuses?post=623796"},{"taxonomy":"es_parking","embeddable":true,"href":"https:\/\/bocamspain.com\/es\/wp-json\/wp\/v2\/es_parkings?post=623796"},{"taxonomy":"es_roof","embeddable":true,"href":"https:\/\/bocamspain.com\/es\/wp-json\/wp\/v2\/es_roofs?post=623796"},{"taxonomy":"es_exterior_material","embeddable":true,"href":"https:\/\/bocamspain.com\/es\/wp-json\/wp\/v2\/es_exterior_materials?post=623796"},{"taxonomy":"es_basement","embeddable":true,"href":"https:\/\/bocamspain.com\/es\/wp-json\/wp\/v2\/es_basements?post=623796"},{"taxonomy":"es_floor_covering","embeddable":true,"href":"https:\/\/bocamspain.com\/es\/wp-json\/wp\/v2\/es_floor_coverings?post=623796"},{"taxonomy":"es_feature","embeddable":true,"href":"https:\/\/bocamspain.com\/es\/wp-json\/wp\/v2\/es_features?post=623796"},{"taxonomy":"es_amenity","embeddable":true,"href":"https:\/\/bocamspain.com\/es\/wp-json\/wp\/v2\/es_amenities?post=623796"},{"taxonomy":"es_neighborhood","embeddable":true,"href":"https:\/\/bocamspain.com\/es\/wp-json\/wp\/v2\/es_neighborhoods?post=623796"},{"taxonomy":"es_tag","embeddable":true,"href":"https:\/\/bocamspain.com\/es\/wp-json\/wp\/v2\/es_tags?post=623796"}],"curies":[{"name":"wp","href":"https:\/\/api.w.org\/{rel}","templated":true}]}}